{"id":37,"date":"2019-11-25T13:22:42","date_gmt":"2019-11-25T12:22:42","guid":{"rendered":"http:\/\/wp.ism-lagerlogistik.de\/?page_id=37"},"modified":"2023-09-29T13:35:01","modified_gmt":"2023-09-29T11:35:01","slug":"ueber-uns","status":"publish","type":"page","link":"https:\/\/wp.ism-lagerlogistik.de\/en\/ueber-uns\/","title":{"rendered":"\u00dcber ISM"},"content":{"rendered":"<div data-elementor-type=\"wp-page\" data-elementor-id=\"37\" class=\"elementor elementor-37\">\n\t\t\t\t\t\t<div class=\"elementor-inner\">\n\t\t\t\t<div class=\"elementor-section-wrap\">\n\t\t\t\t\t\t\t\t\t<section class=\"elementor-section elementor-top-section elementor-element elementor-element-d5ac8eb elementor-section-boxed elementor-section-height-default elementor-section-height-default\" data-id=\"d5ac8eb\" data-element_type=\"section\">\n\t\t\t\t\t\t<div class=\"elementor-container elementor-column-gap-default\">\n\t\t\t\t\t\t\t<div class=\"elementor-row\">\n\t\t\t\t\t<div class=\"elementor-column elementor-col-100 elementor-top-column elementor-element elementor-element-bc53d2d\" data-id=\"bc53d2d\" data-element_type=\"column\">\n\t\t\t<div class=\"elementor-column-wrap elementor-element-populated\">\n\t\t\t\t\t\t\t<div class=\"elementor-widget-wrap\">\n\t\t\t\t\t\t<div class=\"elementor-element elementor-element-ca4246c elementor-position-top elementor-vertical-align-top elementor-widget elementor-widget-image-box\" data-id=\"ca4246c\" data-element_type=\"widget\" data-widget_type=\"image-box.default\">\n\t\t\t\t<div class=\"elementor-widget-container\">\n\t\t\t<div class=\"elementor-image-box-wrapper\"><figure class=\"elementor-image-box-img\"><img width=\"507\" height=\"300\" src=\"https:\/\/wp.ism-lagerlogistik.de\/wp-content\/uploads\/2019\/12\/ISMLogoNEUKlein.png\" class=\"attachment-full size-full\" alt=\"\" loading=\"lazy\" \/><\/figure><div class=\"elementor-image-box-content\"><h3 class=\"elementor-image-box-title\">Institute for Safety and Mobility (ISM),<\/h3><p class=\"elementor-image-box-description\">\u201e...sage es mir und ich vergesse es,\nzeige es mir und ich erinnere mich,\nlasse es mich tun und ich behalte es...\u201c<\/p><\/div><\/div>\t\t<\/div>\n\t\t\t\t<\/div>\n\t\t\t\t\t\t<\/div>\n\t\t\t\t\t<\/div>\n\t\t<\/div>\n\t\t\t\t\t\t\t\t<\/div>\n\t\t\t\t\t<\/div>\n\t\t<\/section>\n\t\t\t\t<section class=\"elementor-section elementor-top-section elementor-element elementor-element-335fcf0f elementor-section-boxed elementor-section-height-default elementor-section-height-default\" data-id=\"335fcf0f\" data-element_type=\"section\">\n\t\t\t\t\t\t<div class=\"elementor-container elementor-column-gap-default\">\n\t\t\t\t\t\t\t<div class=\"elementor-row\">\n\t\t\t\t\t<div class=\"elementor-column elementor-col-100 elementor-top-column elementor-element elementor-element-2fe55300\" data-id=\"2fe55300\" data-element_type=\"column\">\n\t\t\t<div class=\"elementor-column-wrap elementor-element-populated\">\n\t\t\t\t\t\t\t<div class=\"elementor-widget-wrap\">\n\t\t\t\t\t\t<div class=\"elementor-element elementor-element-24fdb8aa elementor-widget elementor-widget-text-editor\" data-id=\"24fdb8aa\" data-element_type=\"widget\" data-widget_type=\"text-editor.default\">\n\t\t\t\t<div class=\"elementor-widget-container\">\n\t\t\t\t\t\t\t\t<div class=\"elementor-text-editor elementor-clearfix\">\n\t\t\t\t<h1><b>Detlef Sch\u00fcrmann, Management<\/b><\/h1><p><img loading=\"lazy\" class=\"wp-image-39 alignright\" src=\"http:\/\/wp.ism-lagerlogistik.de\/wp-content\/uploads\/2019\/11\/ISM-Lagerlogistik-Detlef-Schuermann.jpg\" alt=\"\" width=\"290\" height=\"194\" srcset=\"https:\/\/wp.ism-lagerlogistik.de\/wp-content\/uploads\/2019\/11\/ISM-Lagerlogistik-Detlef-Schuermann.jpg 770w, https:\/\/wp.ism-lagerlogistik.de\/wp-content\/uploads\/2019\/11\/ISM-Lagerlogistik-Detlef-Schuermann-300x200.jpg 300w, https:\/\/wp.ism-lagerlogistik.de\/wp-content\/uploads\/2019\/11\/ISM-Lagerlogistik-Detlef-Schuermann-768x513.jpg 768w\" sizes=\"(max-width: 290px) 100vw, 290px\" \/><\/p><p>Trainer vocational training with IHK qualification (acc. to BBiG)<\/p><p>Trainers of trainers and operators, drivers, users for industrial trucks, cranes, lifting platforms and persons responsible for load securing - VDI 2700-.<\/p><ul><li>health and safety inspector<\/li><li>Expert shelving, T\u00dcV certified (according to DIN EN 15635)<\/li><li>Rack inspections according to DIN EN 15635<\/li><li>Head of Forklift FullService Working Group TOYOTA (until 12\/2005)<\/li><\/ul><h1>Field of activity<\/h1><ul><li>Instructor training for forklift driver, crane operator, aerial platform operator, load securing<\/li><li>Training for forklift drivers, crane operators, aerial work platform operators, load securing<\/li><li>Shelf inspection<\/li><li>Speaker for warehouse logistics and materials management in theory and practice:<\/li><li>Training for warehouse logistics foremen, warehouse clerks and warehouse operators<\/li><li>Specialists for warehouse logistics and training measures for warehouse employees<\/li><\/ul><h1>\u00a0Management consultancy<\/h1><p>Occupational safety &amp; needs analysis including organisation and implementation, among others in the areas of:<\/p><ul><li>Quality management<\/li><li>Process coordination and optimisation<\/li><li>Occupational safety<\/li><li>Shelf inspections according to DIN EN 15635<\/li><li>Staff qualification<\/li><li>Training courses for forklift truck operators, crane operators and<\/li><li>Persons responsible for load securing<\/li><\/ul><div>\u00a0<\/div>\t\t\t\t\t<\/div>\n\t\t\t\t\t\t<\/div>\n\t\t\t\t<\/div>\n\t\t\t\t\t\t<\/div>\n\t\t\t\t\t<\/div>\n\t\t<\/div>\n\t\t\t\t\t\t\t\t<\/div>\n\t\t\t\t\t<\/div>\n\t\t<\/section>\n\t\t\t\t<section class=\"elementor-section elementor-top-section elementor-element elementor-element-fb7ee85 elementor-section-boxed elementor-section-height-default elementor-section-height-default\" data-id=\"fb7ee85\" data-element_type=\"section\">\n\t\t\t\t\t\t<div class=\"elementor-container elementor-column-gap-default\">\n\t\t\t\t\t\t\t<div class=\"elementor-row\">\n\t\t\t\t\t<div class=\"elementor-column elementor-col-100 elementor-top-column elementor-element elementor-element-c29a6d0\" data-id=\"c29a6d0\" data-element_type=\"column\">\n\t\t\t<div class=\"elementor-column-wrap elementor-element-populated\">\n\t\t\t\t\t\t\t<div class=\"elementor-widget-wrap\">\n\t\t\t\t\t\t<div class=\"elementor-element elementor-element-bcfa9a0 elementor-position-left elementor-vertical-align-top elementor-widget elementor-widget-image-box\" data-id=\"bcfa9a0\" data-element_type=\"widget\" data-widget_type=\"image-box.default\">\n\t\t\t\t<div class=\"elementor-widget-container\">\n\t\t\t<div class=\"elementor-image-box-wrapper\"><figure class=\"elementor-image-box-img\"><a href=\"https:\/\/wp.ism-lagerlogistik.de\/en\/kontakt\/\"><img width=\"1024\" height=\"718\" src=\"https:\/\/wp.ism-lagerlogistik.de\/wp-content\/uploads\/2020\/01\/experten-ism-lagerlogistik-1024x718.png\" class=\"attachment-large size-large\" alt=\"\" loading=\"lazy\" \/><\/a><\/figure><div class=\"elementor-image-box-content\"><h3 class=\"elementor-image-box-title\"><a href=\"https:\/\/wp.ism-lagerlogistik.de\/en\/kontakt\/\">Other specialist areas <\/a><\/h3><p class=\"elementor-image-box-description\">In addition, our team is based on a network of experts who will be happy to assist you in the respective specialist area if required. Just ask us! <\/p><\/div><\/div>\t\t<\/div>\n\t\t\t\t<\/div>\n\t\t\t\t\t\t<\/div>\n\t\t\t\t\t<\/div>\n\t\t<\/div>\n\t\t\t\t\t\t\t\t<\/div>\n\t\t\t\t\t<\/div>\n\t\t<\/section>\n\t\t\t\t\t\t\t\t\t<\/div>\n\t\t\t<\/div>\n\t\t\t\t\t<\/div>","protected":false},"excerpt":{"rendered":"<p>Instituts f\u00fcr Sicherheit und Mobilit\u00e4t (ISM), \u201e&#8230;sage es mir und ich vergesse es, zeige es mir und ich erinnere mich, lasse es mich tun und ich behalte es&#8230;\u201c Detlef Sch\u00fcrmann, Gesch\u00e4ftsf\u00fchrung Ausbilder berufliche Bildung mit IHK-Abschlu\u00df (gem. BBiG) Ausbilder der Ausbilder und Bediener, Fahrer, Anwender f\u00fcr Flurf\u00f6rderzeuge, Krane, Hubarbeitsb\u00fchnen und Ladungssicherungsverantwortliche &#8211; VDI 2700- Fachkraft f\u00fcr Arbeitssicherheit Sachkundiger Regale, T\u00dcV<\/p>\n<p><a class=\"more-link\" href=\"https:\/\/wp.ism-lagerlogistik.de\/en\/ueber-uns\/\">Read More<\/a><\/p>","protected":false},"author":1,"featured_media":0,"parent":0,"menu_order":0,"comment_status":"closed","ping_status":"closed","template":"","meta":{"_links_to":"","_links_to_target":""},"_links":{"self":[{"href":"https:\/\/wp.ism-lagerlogistik.de\/en\/wp-json\/wp\/v2\/pages\/37"}],"collection":[{"href":"https:\/\/wp.ism-lagerlogistik.de\/en\/wp-json\/wp\/v2\/pages"}],"about":[{"href":"https:\/\/wp.ism-lagerlogistik.de\/en\/wp-json\/wp\/v2\/types\/page"}],"author":[{"embeddable":true,"href":"https:\/\/wp.ism-lagerlogistik.de\/en\/wp-json\/wp\/v2\/users\/1"}],"replies":[{"embeddable":true,"href":"https:\/\/wp.ism-lagerlogistik.de\/en\/wp-json\/wp\/v2\/comments?post=37"}],"version-history":[{"count":31,"href":"https:\/\/wp.ism-lagerlogistik.de\/en\/wp-json\/wp\/v2\/pages\/37\/revisions"}],"predecessor-version":[{"id":923,"href":"https:\/\/wp.ism-lagerlogistik.de\/en\/wp-json\/wp\/v2\/pages\/37\/revisions\/923"}],"wp:attachment":[{"href":"https:\/\/wp.ism-lagerlogistik.de\/en\/wp-json\/wp\/v2\/media?parent=37"}],"curies":[{"name":"wp","href":"https:\/\/api.w.org\/{rel}","templated":true}]}}