{"id":62,"date":"2019-11-25T17:59:15","date_gmt":"2019-11-25T16:59:15","guid":{"rendered":"http:\/\/wp.ism-lagerlogistik.de\/?page_id=62"},"modified":"2025-04-04T10:35:10","modified_gmt":"2025-04-04T08:35:10","slug":"seminare","status":"publish","type":"page","link":"https:\/\/wp.ism-lagerlogistik.de\/en\/seminare\/","title":{"rendered":"Seminars"},"content":{"rendered":"<div data-elementor-type=\"wp-page\" data-elementor-id=\"62\" class=\"elementor elementor-62\">\n\t\t\t\t\t\t<div class=\"elementor-inner\">\n\t\t\t\t<div class=\"elementor-section-wrap\">\n\t\t\t\t\t\t\t\t\t<section class=\"elementor-section elementor-top-section elementor-element elementor-element-d437b43 elementor-section-boxed elementor-section-height-default elementor-section-height-default\" data-id=\"d437b43\" data-element_type=\"section\">\n\t\t\t\t\t\t<div class=\"elementor-container elementor-column-gap-default\">\n\t\t\t\t\t\t\t<div class=\"elementor-row\">\n\t\t\t\t\t<div class=\"elementor-column elementor-col-100 elementor-top-column elementor-element elementor-element-52ffa67\" data-id=\"52ffa67\" data-element_type=\"column\">\n\t\t\t<div class=\"elementor-column-wrap elementor-element-populated\">\n\t\t\t\t\t\t\t<div class=\"elementor-widget-wrap\">\n\t\t\t\t\t\t<div class=\"elementor-element elementor-element-3bc7285 elementor-widget elementor-widget-heading\" data-id=\"3bc7285\" data-element_type=\"widget\" data-widget_type=\"heading.default\">\n\t\t\t\t<div class=\"elementor-widget-container\">\n\t\t\t<h2 class=\"elementor-heading-title elementor-size-default\"><h1>Bediener &amp; Ausbilder Seminare  Inhouse und Extern<\/h1><\/h2>\t\t<\/div>\n\t\t\t\t<\/div>\n\t\t\t\t\t\t<\/div>\n\t\t\t\t\t<\/div>\n\t\t<\/div>\n\t\t\t\t\t\t\t\t<\/div>\n\t\t\t\t\t<\/div>\n\t\t<\/section>\n\t\t\t\t<section class=\"elementor-section elementor-top-section elementor-element elementor-element-bcc8183 elementor-section-boxed elementor-section-height-default elementor-section-height-default\" data-id=\"bcc8183\" data-element_type=\"section\">\n\t\t\t\t\t\t<div class=\"elementor-container elementor-column-gap-default\">\n\t\t\t\t\t\t\t<div class=\"elementor-row\">\n\t\t\t\t\t<div class=\"elementor-column elementor-col-100 elementor-top-column elementor-element elementor-element-3008ed5\" data-id=\"3008ed5\" data-element_type=\"column\">\n\t\t\t<div class=\"elementor-column-wrap elementor-element-populated\">\n\t\t\t\t\t\t\t<div class=\"elementor-widget-wrap\">\n\t\t\t\t\t\t<div class=\"elementor-element elementor-element-9a56ceb elementor-widget elementor-widget-text-editor\" data-id=\"9a56ceb\" data-element_type=\"widget\" data-widget_type=\"text-editor.default\">\n\t\t\t\t<div class=\"elementor-widget-container\">\n\t\t\t\t\t\t\t\t<div class=\"elementor-text-editor elementor-clearfix\">\n\t\t\t\t<p><img loading=\"lazy\" src=\"http:\/\/wp.ism-lagerlogistik.de\/wp-content\/uploads\/2019\/11\/ism-lagerlogistik-ihr-servicepartner-1.jpg\" alt=\"\" width=\"1574\" height=\"690\" \/>Unsere Lehrg\u00e4nge werden ausnahmslos nach den Vorschriften des Hauptverbandes der gewerblichen Berufsgenossenschaften (DGUV) durchgef\u00fchrt.<\/p><p>Namhafte private und kommunale Unternehmen und auch die Bundespolizei haben sich bereits f\u00fcr die kosteng\u00fcnstige Variante eines Ausbilders f\u00fcr ihre H\u00e4user entschieden und hier auf unsere umfangreichen Dienste zur\u00fcckgegriffen.<\/p><h1 style=\"text-align: center;\">Hier finden Sie alle Informationen zu unseren Seminaren, <a href=\"https:\/\/wp.ism-lagerlogistik.de\/en\/termine\/\" rel=\"noopener\">Terminen <\/a>and <a href=\"https:\/\/wp.ism-lagerlogistik.de\/en\/anforderungen-fuer-ausbilder-seminare\/#preise#preise\" rel=\"noopener\">Preisen<\/a>, sowie die besonderen Anforderungen f\u00fcr <a href=\"https:\/\/wp.ism-lagerlogistik.de\/en\/anforderungen-fuer-ausbilder-seminare\/\">Ausbilder-Seminare<\/a>.<\/h1><p style=\"text-align: center;\">Informationen und Termine zu allen Seminaren finden Sie in den einzelnen Seminar Kategorien hier auf der Seite. F\u00fcr weitere Informationen zu unseren Seminaren nutzen Sie bitte unser <a href=\"https:\/\/wp.ism-lagerlogistik.de\/en\/kontakt\/\">contact form<\/a>. Sie m\u00f6chten sich direkt anmelden? Kein Problem: Sie k\u00f6nnen sich ganz bequem direkt \u00fcber unser <a href=\"https:\/\/wp.ism-lagerlogistik.de\/en\/anmeldung-seminare-2\/\">registration form<\/a> anmelden. \u00dcbrigens: Auf Anfrage bieten wir die theoretischen Kurseinheiten auch online an.<\/p><h1 style=\"text-align: center;\">Seminar Kategorien<\/h1>\t\t\t\t\t<\/div>\n\t\t\t\t\t\t<\/div>\n\t\t\t\t<\/div>\n\t\t\t\t\t\t<\/div>\n\t\t\t\t\t<\/div>\n\t\t<\/div>\n\t\t\t\t\t\t\t\t<\/div>\n\t\t\t\t\t<\/div>\n\t\t<\/section>\n\t\t\t\t<section class=\"elementor-section elementor-top-section elementor-element elementor-element-cda70ac elementor-section-boxed elementor-section-height-default elementor-section-height-default\" data-id=\"cda70ac\" data-element_type=\"section\">\n\t\t\t\t\t\t<div class=\"elementor-container elementor-column-gap-default\">\n\t\t\t\t\t\t\t<div class=\"elementor-row\">\n\t\t\t\t\t<div class=\"elementor-column elementor-col-25 elementor-top-column elementor-element elementor-element-a5072a6\" data-id=\"a5072a6\" data-element_type=\"column\">\n\t\t\t<div class=\"elementor-column-wrap elementor-element-populated\">\n\t\t\t\t\t\t\t<div class=\"elementor-widget-wrap\">\n\t\t\t\t\t\t<div class=\"elementor-element elementor-element-bf34e56 elementor-position-top elementor-vertical-align-top elementor-widget elementor-widget-image-box\" data-id=\"bf34e56\" data-element_type=\"widget\" data-widget_type=\"image-box.default\">\n\t\t\t\t<div class=\"elementor-widget-container\">\n\t\t\t<div class=\"elementor-image-box-wrapper\"><figure class=\"elementor-image-box-img\"><a href=\"https:\/\/wp.ism-lagerlogistik.de\/en\/krane\/\"><img width=\"300\" height=\"300\" src=\"https:\/\/wp.ism-lagerlogistik.de\/wp-content\/uploads\/2019\/11\/kranbediener-ausbildung-300x300.png\" class=\"attachment-medium size-medium\" alt=\"\" loading=\"lazy\" \/><\/a><\/figure><div class=\"elementor-image-box-content\"><h3 class=\"elementor-image-box-title\"><a href=\"https:\/\/wp.ism-lagerlogistik.de\/en\/krane\/\">Cranes<\/a><\/h3><\/div><\/div>\t\t<\/div>\n\t\t\t\t<\/div>\n\t\t\t\t\t\t<\/div>\n\t\t\t\t\t<\/div>\n\t\t<\/div>\n\t\t\t\t<div class=\"elementor-column elementor-col-25 elementor-top-column elementor-element elementor-element-704aa28\" data-id=\"704aa28\" data-element_type=\"column\">\n\t\t\t<div class=\"elementor-column-wrap elementor-element-populated\">\n\t\t\t\t\t\t\t<div class=\"elementor-widget-wrap\">\n\t\t\t\t\t\t<div class=\"elementor-element elementor-element-bc7d3d1 elementor-position-top elementor-vertical-align-top elementor-widget elementor-widget-image-box\" data-id=\"bc7d3d1\" data-element_type=\"widget\" data-widget_type=\"image-box.default\">\n\t\t\t\t<div class=\"elementor-widget-container\">\n\t\t\t<div class=\"elementor-image-box-wrapper\"><figure class=\"elementor-image-box-img\"><a href=\"https:\/\/wp.ism-lagerlogistik.de\/en\/gabelstapler\/\"><img width=\"300\" height=\"300\" src=\"https:\/\/wp.ism-lagerlogistik.de\/wp-content\/uploads\/2019\/11\/stapler-ausbilder-seminar-300x300.png\" class=\"attachment-medium size-medium\" alt=\"\" loading=\"lazy\" \/><\/a><\/figure><div class=\"elementor-image-box-content\"><h3 class=\"elementor-image-box-title\"><a href=\"https:\/\/wp.ism-lagerlogistik.de\/en\/gabelstapler\/\">Forklift<\/a><\/h3><\/div><\/div>\t\t<\/div>\n\t\t\t\t<\/div>\n\t\t\t\t\t\t<\/div>\n\t\t\t\t\t<\/div>\n\t\t<\/div>\n\t\t\t\t<div class=\"elementor-column elementor-col-25 elementor-top-column elementor-element elementor-element-f687932\" data-id=\"f687932\" data-element_type=\"column\">\n\t\t\t<div class=\"elementor-column-wrap elementor-element-populated\">\n\t\t\t\t\t\t\t<div class=\"elementor-widget-wrap\">\n\t\t\t\t\t\t<div class=\"elementor-element elementor-element-8d32c52 elementor-position-top elementor-vertical-align-top elementor-widget elementor-widget-image-box\" data-id=\"8d32c52\" data-element_type=\"widget\" data-widget_type=\"image-box.default\">\n\t\t\t\t<div class=\"elementor-widget-container\">\n\t\t\t<div class=\"elementor-image-box-wrapper\"><figure class=\"elementor-image-box-img\"><a href=\"https:\/\/wp.ism-lagerlogistik.de\/en\/hubarbeitsbuehnen\/\"><img width=\"300\" height=\"300\" src=\"https:\/\/wp.ism-lagerlogistik.de\/wp-content\/uploads\/2019\/12\/Hubarbeitsb\u00fchne-Ausbiler-Seminar-300x300.png\" class=\"attachment-medium size-medium\" alt=\"\" loading=\"lazy\" \/><\/a><\/figure><div class=\"elementor-image-box-content\"><h3 class=\"elementor-image-box-title\"><a href=\"https:\/\/wp.ism-lagerlogistik.de\/en\/hubarbeitsbuehnen\/\">Aerial work platforms<\/a><\/h3><\/div><\/div>\t\t<\/div>\n\t\t\t\t<\/div>\n\t\t\t\t\t\t<\/div>\n\t\t\t\t\t<\/div>\n\t\t<\/div>\n\t\t\t\t<div class=\"elementor-column elementor-col-25 elementor-top-column elementor-element elementor-element-6067baf\" data-id=\"6067baf\" data-element_type=\"column\">\n\t\t\t<div class=\"elementor-column-wrap elementor-element-populated\">\n\t\t\t\t\t\t\t<div class=\"elementor-widget-wrap\">\n\t\t\t\t\t\t<div class=\"elementor-element elementor-element-5fa04dc elementor-position-top elementor-vertical-align-top elementor-widget elementor-widget-image-box\" data-id=\"5fa04dc\" data-element_type=\"widget\" data-widget_type=\"image-box.default\">\n\t\t\t\t<div class=\"elementor-widget-container\">\n\t\t\t<div class=\"elementor-image-box-wrapper\"><figure class=\"elementor-image-box-img\"><a href=\"https:\/\/wp.ism-lagerlogistik.de\/en\/ladungssicherung\/\"><img width=\"1251\" height=\"1251\" src=\"https:\/\/wp.ism-lagerlogistik.de\/wp-content\/uploads\/2019\/11\/Ladungssicherheit-Ausbildung.png\" class=\"attachment-full size-full\" alt=\"\" loading=\"lazy\" \/><\/a><\/figure><div class=\"elementor-image-box-content\"><h3 class=\"elementor-image-box-title\"><a href=\"https:\/\/wp.ism-lagerlogistik.de\/en\/ladungssicherung\/\">Load securing<\/a><\/h3><\/div><\/div>\t\t<\/div>\n\t\t\t\t<\/div>\n\t\t\t\t\t\t<\/div>\n\t\t\t\t\t<\/div>\n\t\t<\/div>\n\t\t\t\t\t\t\t\t<\/div>\n\t\t\t\t\t<\/div>\n\t\t<\/section>\n\t\t\t\t<section class=\"elementor-section elementor-top-section elementor-element elementor-element-02f9c09 elementor-section-boxed elementor-section-height-default elementor-section-height-default\" data-id=\"02f9c09\" data-element_type=\"section\">\n\t\t\t\t\t\t<div class=\"elementor-container elementor-column-gap-default\">\n\t\t\t\t\t\t\t<div class=\"elementor-row\">\n\t\t\t\t\t<div class=\"elementor-column elementor-col-100 elementor-top-column elementor-element elementor-element-fb16e12\" data-id=\"fb16e12\" data-element_type=\"column\">\n\t\t\t<div class=\"elementor-column-wrap elementor-element-populated\">\n\t\t\t\t\t\t\t<div class=\"elementor-widget-wrap\">\n\t\t\t\t\t\t<div class=\"elementor-element elementor-element-ff9ad33 elementor-position-left elementor-view-default elementor-mobile-position-top elementor-vertical-align-top elementor-widget elementor-widget-icon-box\" data-id=\"ff9ad33\" data-element_type=\"widget\" data-widget_type=\"icon-box.default\">\n\t\t\t\t<div class=\"elementor-widget-container\">\n\t\t\t\t\t<div class=\"elementor-icon-box-wrapper\">\n\t\t\t\t\t\t<div class=\"elementor-icon-box-icon\">\n\t\t\t\t<a class=\"elementor-icon elementor-animation-\" href=\"https:\/\/wp.ism-lagerlogistik.de\/en\/anforderungen-fuer-ausbilder-seminare\/\">\n\t\t\t\t<i aria-hidden=\"true\" class=\"far fa-check-circle\"><\/i>\t\t\t\t<\/a>\n\t\t\t<\/div>\n\t\t\t\t\t\t<div class=\"elementor-icon-box-content\">\n\t\t\t\t<div class=\"elementor-icon-box-title\">\n\t\t\t\t\t<a href=\"https:\/\/wp.ism-lagerlogistik.de\/en\/anforderungen-fuer-ausbilder-seminare\/\" >\n\t\t\t\t\t\tAnforderungen f\u00fcr Ausbilder Seminare\u200b\t\t\t\t\t<\/a>\n\t\t\t\t<\/div>\n\t\t\t\t\t\t\t\t\t<p class=\"elementor-icon-box-description\">\n\t\t\t\t\t\tLesen Sie alles zu den Anforderungen f\u00fcr Ihr Ausbilder Seminar und erhalten Sie alle wichtigen Hintergrundinformationen im Detail.\t\t\t\t\t<\/p>\n\t\t\t\t\t\t\t<\/div>\n\t\t<\/div>\n\t\t\t\t<\/div>\n\t\t\t\t<\/div>\n\t\t\t\t\t\t<\/div>\n\t\t\t\t\t<\/div>\n\t\t<\/div>\n\t\t\t\t\t\t\t\t<\/div>\n\t\t\t\t\t<\/div>\n\t\t<\/section>\n\t\t\t\t<section class=\"elementor-section elementor-top-section elementor-element elementor-element-60a3db5 elementor-section-boxed elementor-section-height-default elementor-section-height-default\" data-id=\"60a3db5\" data-element_type=\"section\">\n\t\t\t\t\t\t<div class=\"elementor-container elementor-column-gap-default\">\n\t\t\t\t\t\t\t<div class=\"elementor-row\">\n\t\t\t\t\t<div class=\"elementor-column elementor-col-100 elementor-top-column elementor-element elementor-element-d056c3e\" data-id=\"d056c3e\" data-element_type=\"column\">\n\t\t\t<div class=\"elementor-column-wrap elementor-element-populated\">\n\t\t\t\t\t\t\t<div class=\"elementor-widget-wrap\">\n\t\t\t\t\t\t<div class=\"elementor-element elementor-element-30d7c5b elementor-widget elementor-widget-heading\" data-id=\"30d7c5b\" data-element_type=\"widget\" data-widget_type=\"heading.default\">\n\t\t\t\t<div class=\"elementor-widget-container\">\n\t\t\t<h2 class=\"elementor-heading-title elementor-size-default\">Unsere Schulungen. Die n\u00e4chsten Termine: <\/h2>\t\t<\/div>\n\t\t\t\t<\/div>\n\t\t\t\t\t\t<\/div>\n\t\t\t\t\t<\/div>\n\t\t<\/div>\n\t\t\t\t\t\t\t\t<\/div>\n\t\t\t\t\t<\/div>\n\t\t<\/section>\n\t\t\t\t<section class=\"elementor-section elementor-top-section elementor-element elementor-element-ea8417d elementor-section-boxed elementor-section-height-default elementor-section-height-default\" data-id=\"ea8417d\" data-element_type=\"section\">\n\t\t\t\t\t\t<div class=\"elementor-container elementor-column-gap-default\">\n\t\t\t\t\t\t\t<div class=\"elementor-row\">\n\t\t\t\t\t<div class=\"elementor-column elementor-col-100 elementor-top-column elementor-element elementor-element-74eeb86\" data-id=\"74eeb86\" data-element_type=\"column\">\n\t\t\t<div class=\"elementor-column-wrap elementor-element-populated\">\n\t\t\t\t\t\t\t<div class=\"elementor-widget-wrap\">\n\t\t\t\t\t\t<div class=\"elementor-element elementor-element-6c62ec2 elementor-widget elementor-widget-shortcode\" data-id=\"6c62ec2\" data-element_type=\"widget\" data-widget_type=\"shortcode.default\">\n\t\t\t\t<div class=\"elementor-widget-container\">\n\t\t\t\t\t<div class=\"elementor-shortcode\"><ul  class=\"eo-events eo-events-shortcode\"><li class=\"eo-event-venue-duisburg eo-event-cat-ausbilderseminare eo-event-cat-gabelstapler eo-event-cat-seminare eo-event-future eo-multi-day eo-all-day\"> <a href=\"https:\/\/wp.ism-lagerlogistik.de\/en\/events\/event\/ausbilder-seminar-gabelstapler-sas-2026\/\">Ausbilder Seminar Gabelstapler SAS 2026<\/a> vom 11. May 2026 bis 15. May 2026 <\/li><li class=\"eo-event-venue-duisburg eo-event-cat-ausbilderseminare eo-event-cat-krane eo-event-cat-seminare eo-event-future eo-multi-day eo-all-day\"> <a href=\"https:\/\/wp.ism-lagerlogistik.de\/en\/events\/event\/ausbilder-seminar-kranbedienerausbilder-sak-2426\/\">Ausbilder Seminar: Kranbedienerausbilder SAK 2426<\/a> vom 8. June 2026 bis 12. June 2026 <\/li><li class=\"eo-event-venue-duisburg eo-event-cat-ausbilderseminare eo-event-cat-gabelstapler eo-event-cat-hubarbeitsbuehnen eo-event-cat-krane eo-event-cat-seminare eo-event-future eo-multi-day eo-all-day\"> <a href=\"https:\/\/wp.ism-lagerlogistik.de\/en\/events\/event\/ausbilder-seminar-kombifortbildung-bad2626\/\">Ausbilder Seminar: Kombifortbildung BAD2626<\/a> vom 22. June 2026 bis 26. June 2026 <\/li><li class=\"eo-event-venue-duisburg eo-event-cat-ausbilderseminare eo-event-cat-gabelstapler eo-event-cat-seminare eo-event-future eo-multi-day eo-all-day\"> <a href=\"https:\/\/wp.ism-lagerlogistik.de\/en\/events\/event\/ausbilder-seminar-gabelstapler-sas-2826\/\">Ausbilder Seminar Gabelstapler SAS 2826<\/a> vom 6. July 2026 bis 10. July 2026 <\/li><li class=\"eo-event-venue-duisburg eo-event-cat-ausbilderseminare eo-event-cat-gabelstapler eo-event-cat-seminare eo-event-future eo-multi-day eo-all-day\"> <a href=\"https:\/\/wp.ism-lagerlogistik.de\/en\/events\/event\/ausbilder-seminar-gabelstapler-sas-3726\/\">Ausbilder Seminar Gabelstapler SAS 3726<\/a> vom 7. September 2026 bis 11. September 2026 <\/li><li class=\"eo-event-venue-duisburg eo-event-cat-ausbilderseminare eo-event-cat-ladungssicherung eo-event-cat-seminare eo-event-future eo-multi-day eo-all-day\"> <a href=\"https:\/\/wp.ism-lagerlogistik.de\/en\/events\/event\/ausbilder-seminar-ladungssicherung-sal3926\/\">Ausbilder Seminar: Ladungssicherung SAL3926<\/a> vom 21. September 2026 bis 25. September 2026 <\/li><li class=\"eo-event-venue-duisburg eo-event-cat-ausbilderseminare eo-event-cat-krane eo-event-cat-seminare eo-event-future eo-multi-day eo-all-day\"> <a href=\"https:\/\/wp.ism-lagerlogistik.de\/en\/events\/event\/ausbilder-seminar-kranbedienerausbilder-sak-4126\/\">Ausbilder Seminar: Kranbedienerausbilder SAK 4126<\/a> vom 5. October 2026 bis 9. October 2026 <\/li><li class=\"eo-event-venue-duisburg eo-event-cat-ausbilderseminare eo-event-cat-hubarbeitsbuehnen eo-event-cat-seminare eo-event-future eo-multi-day eo-all-day\"> <a href=\"https:\/\/wp.ism-lagerlogistik.de\/en\/events\/event\/ausbilder-seminar-hubbuehnenbedienerausbilder-sah4226\/\">Ausbilder Seminar: Hubb\u00fchnenbedienerausbilder SAH4226<\/a> vom 12. October 2026 bis 16. October 2026 <\/li><li class=\"eo-event-venue-duisburg eo-event-cat-ausbilderseminare eo-event-cat-gabelstapler eo-event-cat-seminare eo-event-future eo-multi-day eo-all-day\"> <a href=\"https:\/\/wp.ism-lagerlogistik.de\/en\/events\/event\/ausbilder-seminar-gabelstapler-sas-4626\/\">Ausbilder Seminar Gabelstapler SAS 4626<\/a> vom 9. November 2026 bis 13. November 2026 <\/li><\/ul><\/div>\n\t\t\t\t<\/div>\n\t\t\t\t<\/div>\n\t\t\t\t\t\t<\/div>\n\t\t\t\t\t<\/div>\n\t\t<\/div>\n\t\t\t\t\t\t\t\t<\/div>\n\t\t\t\t\t<\/div>\n\t\t<\/section>\n\t\t\t\t<section class=\"elementor-section elementor-top-section elementor-element elementor-element-e88b9fc elementor-section-boxed elementor-section-height-default elementor-section-height-default\" data-id=\"e88b9fc\" data-element_type=\"section\">\n\t\t\t\t\t\t<div class=\"elementor-container elementor-column-gap-default\">\n\t\t\t\t\t\t\t<div class=\"elementor-row\">\n\t\t\t\t\t<div class=\"elementor-column elementor-col-50 elementor-top-column elementor-element elementor-element-6cb58e5\" data-id=\"6cb58e5\" data-element_type=\"column\">\n\t\t\t<div class=\"elementor-column-wrap elementor-element-populated\">\n\t\t\t\t\t\t\t<div class=\"elementor-widget-wrap\">\n\t\t\t\t\t\t<div class=\"elementor-element elementor-element-20836ce elementor-widget elementor-widget-text-editor\" data-id=\"20836ce\" data-element_type=\"widget\" data-widget_type=\"text-editor.default\">\n\t\t\t\t<div class=\"elementor-widget-container\">\n\t\t\t\t\t\t\t\t<div class=\"elementor-text-editor elementor-clearfix\">\n\t\t\t\t<h1>Empfehlung!<br \/>Inhouse Seminare<\/h1><p>Neben den Schulungen in unseren R\u00e4umlichkeiten bieten wir au\u00dferdem Inhouse Seminare an. Das Gute dabei: Bei inhouse-Seminaren findet die praktische Ausbildung direkt an den Arbeitsmitteln (Kran\/Gabelstapler\/Hubarbeitsb\u00fchne) in Ihrem Unternehmen statt. Kontaktieren Sie uns f\u00fcr Ihr unverbindliches Angebot.<\/p><p>\u00a0<\/p>\t\t\t\t\t<\/div>\n\t\t\t\t\t\t<\/div>\n\t\t\t\t<\/div>\n\t\t\t\t\t\t<\/div>\n\t\t\t\t\t<\/div>\n\t\t<\/div>\n\t\t\t\t<div class=\"elementor-column elementor-col-50 elementor-top-column elementor-element elementor-element-166547c\" data-id=\"166547c\" data-element_type=\"column\">\n\t\t\t<div class=\"elementor-column-wrap elementor-element-populated\">\n\t\t\t\t\t\t\t<div class=\"elementor-widget-wrap\">\n\t\t\t\t\t\t<div class=\"elementor-element elementor-element-a852b22 elementor-position-left elementor-view-default elementor-mobile-position-top elementor-vertical-align-top elementor-widget elementor-widget-icon-box\" data-id=\"a852b22\" data-element_type=\"widget\" data-widget_type=\"icon-box.default\">\n\t\t\t\t<div class=\"elementor-widget-container\">\n\t\t\t\t\t<div class=\"elementor-icon-box-wrapper\">\n\t\t\t\t\t\t<div class=\"elementor-icon-box-icon\">\n\t\t\t\t<a class=\"elementor-icon elementor-animation-\" href=\"https:\/\/wp.ism-lagerlogistik.de\/en\/kontakt\/\">\n\t\t\t\t<i aria-hidden=\"true\" class=\"fas fa-phone\"><\/i>\t\t\t\t<\/a>\n\t\t\t<\/div>\n\t\t\t\t\t\t<div class=\"elementor-icon-box-content\">\n\t\t\t\t<h3 class=\"elementor-icon-box-title\">\n\t\t\t\t\t<a href=\"https:\/\/wp.ism-lagerlogistik.de\/en\/kontakt\/\" >\n\t\t\t\t\t\tWir sind f\u00fcr Sie da.\t\t\t\t\t<\/a>\n\t\t\t\t<\/h3>\n\t\t\t\t\t\t\t\t\t<p class=\"elementor-icon-box-description\">\n\t\t\t\t\t\tSie haben Fragen oder ben\u00f6tigen weitere Informationen? Gerne stehen wir Ihnen zur Verf\u00fcgung.\nKontakt: \nTelefon <span class=\"w8qArf FoJoyf\"><\/span><span><span class=\"LrzXr zdqRlf kno-fv\"><a data-dtype=\"d3ph\" data-local-attribute=\"d3ph\" href=\"https:\/\/www.google.com\/search?client=firefox-b-d&amp;q=ism+lagerlogistik#\" data-ved=\"2ahUKEwiZ7Jj2-72MAxVt6wIHHSEVBlkQkAgoAHoECDkQAw\"><span aria-label=\"0170 2876657 anrufen\">0170 2876657<\/span><\/a><\/span><\/span>\nism.kontakt@ism-lagerlogistik.de<br><h2><strong>Registration and further information<\/strong><\/h2><p>You can easily register directly via our <a href=\"https:\/\/wp.ism-lagerlogistik.de\/en\/anmeldung-seminare-2\/\">registration form.<\/a><\/p><p>For further information on our seminars please use our <a href=\"https:\/\/wp.ism-lagerlogistik.de\/en\/kontakt\/\">contact form<\/a><\/p>\t\t\t\t\t<\/p>\n\t\t\t\t\t\t\t<\/div>\n\t\t<\/div>\n\t\t\t\t<\/div>\n\t\t\t\t<\/div>\n\t\t\t\t\t\t<\/div>\n\t\t\t\t\t<\/div>\n\t\t<\/div>\n\t\t\t\t\t\t\t\t<\/div>\n\t\t\t\t\t<\/div>\n\t\t<\/section>\n\t\t\t\t\t\t\t\t\t<\/div>\n\t\t\t<\/div>\n\t\t\t\t\t<\/div>","protected":false},"excerpt":{"rendered":"<p>Bediener &amp; Ausbilder Seminare Inhouse und Extern Unsere Lehrg\u00e4nge werden ausnahmslos nach den Vorschriften des Hauptverbandes der gewerblichen Berufsgenossenschaften (DGUV) durchgef\u00fchrt. Namhafte private und kommunale Unternehmen und auch die Bundespolizei haben sich bereits f\u00fcr die kosteng\u00fcnstige Variante eines Ausbilders f\u00fcr ihre H\u00e4user entschieden und hier auf unsere umfangreichen Dienste zur\u00fcckgegriffen. Hier finden Sie alle Informationen zu unseren Seminaren, Terminen und<\/p>\n<p><a class=\"more-link\" href=\"https:\/\/wp.ism-lagerlogistik.de\/en\/events\/event\/ausbilder-seminar-gabelstapler-sas-4626\/\">Read More<\/a><\/p>","protected":false},"author":1,"featured_media":0,"parent":0,"menu_order":0,"comment_status":"closed","ping_status":"closed","template":"","meta":{"_links_to":"","_links_to_target":""},"_links":{"self":[{"href":"https:\/\/wp.ism-lagerlogistik.de\/en\/wp-json\/wp\/v2\/pages\/62"}],"collection":[{"href":"https:\/\/wp.ism-lagerlogistik.de\/en\/wp-json\/wp\/v2\/pages"}],"about":[{"href":"https:\/\/wp.ism-lagerlogistik.de\/en\/wp-json\/wp\/v2\/types\/page"}],"author":[{"embeddable":true,"href":"https:\/\/wp.ism-lagerlogistik.de\/en\/wp-json\/wp\/v2\/users\/1"}],"replies":[{"embeddable":true,"href":"https:\/\/wp.ism-lagerlogistik.de\/en\/wp-json\/wp\/v2\/comments?post=62"}],"version-history":[{"count":68,"href":"https:\/\/wp.ism-lagerlogistik.de\/en\/wp-json\/wp\/v2\/pages\/62\/revisions"}],"predecessor-version":[{"id":1005,"href":"https:\/\/wp.ism-lagerlogistik.de\/en\/wp-json\/wp\/v2\/pages\/62\/revisions\/1005"}],"wp:attachment":[{"href":"https:\/\/wp.ism-lagerlogistik.de\/en\/wp-json\/wp\/v2\/media?parent=62"}],"curies":[{"name":"wp","href":"https:\/\/api.w.org\/{rel}","templated":true}]}}